{"id":1306,"date":"2020-12-14T13:03:53","date_gmt":"2020-12-14T12:03:53","guid":{"rendered":"https:\/\/turizembreg.com\/nova\/?page_id=1306"},"modified":"2021-07-01T15:49:30","modified_gmt":"2021-07-01T13:49:30","slug":"home","status":"publish","type":"page","link":"https:\/\/turizembreg.com\/de\/","title":{"rendered":"Home"},"content":{"rendered":"<p>[et_pb_section fb_built=&#8221;1&#8243; fullwidth=&#8221;on&#8221; _builder_version=&#8221;4.6.5&#8243; _module_preset=&#8221;default&#8221; positioning=&#8221;none&#8221; vertical_offset=&#8221;-205px&#8221; z_index=&#8221;45&#8243; custom_margin=&#8221;|0px|0px|0px|false|false&#8221; custom_padding=&#8221;0px|0px|0px|0px|false|false&#8221;][et_pb_fullwidth_slider _builder_version=&#8221;4.6.5&#8243; _module_preset=&#8221;default&#8221; min_height=&#8221;450px&#8221; height=&#8221;88vh&#8221; height_tablet=&#8221;&#8221; height_phone=&#8221;&#8221; height_last_edited=&#8221;on|phone&#8221; custom_margin=&#8221;0px|0px|0px|0px|false|false&#8221; custom_padding=&#8221;0px|0px|0px|0px|false|false&#8221; animation_style=&#8221;fade&#8221; auto=&#8221;on&#8221; auto_speed=&#8221;4000&#8243;][et_pb_slide _builder_version=&#8221;4.6.5&#8243; _module_preset=&#8221;default&#8221; background_image=&#8221;https:\/\/turizembreg.com\/nova\/wp-content\/uploads\/2020\/10\/leo-slike.jpg&#8221; background_enable_image=&#8221;on&#8221; sticky_transition=&#8221;on&#8221;][\/et_pb_slide][et_pb_slide _builder_version=&#8221;4.6.5&#8243; _module_preset=&#8221;default&#8221; background_image=&#8221;https:\/\/turizembreg.com\/nova\/wp-content\/uploads\/2020\/10\/terasa.jpg&#8221; background_enable_image=&#8221;on&#8221; sticky_transition=&#8221;on&#8221;][\/et_pb_slide][et_pb_slide _builder_version=&#8221;4.6.5&#8243; _module_preset=&#8221;default&#8221; background_image=&#8221;https:\/\/turizembreg.com\/wp-content\/uploads\/2021\/02\/slider-nova.jpg&#8221; background_enable_image=&#8221;on&#8221; sticky_transition=&#8221;on&#8221;][\/et_pb_slide][et_pb_slide _builder_version=&#8221;4.6.5&#8243; _module_preset=&#8221;default&#8221; background_image=&#8221;https:\/\/turizembreg.com\/nova\/wp-content\/uploads\/2020\/10\/frtalja.jpg&#8221; background_enable_image=&#8221;on&#8221; sticky_transition=&#8221;on&#8221;][\/et_pb_slide][et_pb_slide _builder_version=&#8221;4.6.5&#8243; _module_preset=&#8221;default&#8221; background_image=&#8221;https:\/\/turizembreg.com\/nova\/wp-content\/uploads\/2020\/10\/TK-Breg-66-of-79-copy.jpg&#8221; background_enable_image=&#8221;on&#8221; sticky_transition=&#8221;on&#8221;][\/et_pb_slide][et_pb_slide _builder_version=&#8221;4.6.5&#8243; _module_preset=&#8221;default&#8221; background_image=&#8221;https:\/\/turizembreg.com\/nova\/wp-content\/uploads\/2020\/10\/TK-Breg-64-of-79.jpg&#8221; background_enable_image=&#8221;on&#8221; sticky_transition=&#8221;on&#8221;][\/et_pb_slide][et_pb_slide _builder_version=&#8221;4.6.5&#8243; _module_preset=&#8221;default&#8221; background_image=&#8221;https:\/\/turizembreg.com\/nova\/wp-content\/uploads\/2020\/10\/TK-Breg-51-of-79.jpg&#8221; background_enable_image=&#8221;on&#8221; sticky_transition=&#8221;on&#8221;][\/et_pb_slide][\/et_pb_fullwidth_slider][\/et_pb_section][et_pb_section fb_built=&#8221;1&#8243; _builder_version=&#8221;4.6.5&#8243; _module_preset=&#8221;default&#8221; background_color=&#8221;#fdf0dc&#8221; z_index=&#8221;299&#8243; min_height=&#8221;201px&#8221; custom_margin=&#8221;0px|0px|0px|0px|false|false&#8221; custom_padding=&#8221;0px|0px|21px|0px|false|false&#8221; top_divider_color=&#8221;#fdf0dc&#8221; top_divider_height=&#8221;51px&#8221; top_divider_flip=&#8221;vertical&#8221; top_divider_arrangement=&#8221;above_content&#8221; box_shadow_style=&#8221;preset5&#8243; box_shadow_blur=&#8221;34px&#8221; box_shadow_spread=&#8221;50px&#8221; box_shadow_color=&#8221;#fdf0dc&#8221;][et_pb_row use_custom_gutter=&#8221;on&#8221; gutter_width=&#8221;1&#8243; _builder_version=&#8221;4.6.5&#8243; _module_preset=&#8221;default&#8221; width=&#8221;100%&#8221; max_width=&#8221;2560px&#8221; module_alignment=&#8221;center&#8221; custom_margin=&#8221;0px|0px|0px|0px|false|false&#8221; custom_padding=&#8221;0px|0px|0px|0px|false|false&#8221;][et_pb_column type=&#8221;4_4&#8243; _builder_version=&#8221;4.6.5&#8243; _module_preset=&#8221;default&#8221; custom_padding=&#8221;0px|0px|0px|0px|false|false&#8221;][et_pb_text module_class=&#8221;napis-main&#8221; _builder_version=&#8221;4.6.5&#8243; _module_preset=&#8221;default&#8221; text_font=&#8221;Georgia||on||||||&#8221; text_font_size=&#8221;42px&#8221; background_enable_color=&#8221;off&#8221; custom_margin=&#8221;|||-15%|false|false&#8221; custom_padding=&#8221;5vh|15vh|10vh|15vh|false|false&#8221;]<\/p>\n<p style=\"text-align: center;\">Touristischen Bauernhof &#8220;Breg&#8221;<span>in Brda<\/span><\/p>\n<p>[\/et_pb_text][et_pb_image src=&#8221;https:\/\/turizembreg.com\/nova\/wp-content\/uploads\/2020\/10\/jabolka.png&#8221; title_text=&#8221;jabolka&#8221; align=&#8221;center&#8221; _builder_version=&#8221;4.6.5&#8243; _module_preset=&#8221;default&#8221; custom_margin=&#8221;||1vh||false|false&#8221;][\/et_pb_image][\/et_pb_column][\/et_pb_row][\/et_pb_section][et_pb_section fb_built=&#8221;1&#8243; _builder_version=&#8221;4.6.5&#8243; _module_preset=&#8221;default&#8221; positioning=&#8221;none&#8221; vertical_offset=&#8221;-490px&#8221; z_index=&#8221;30&#8243; custom_padding=&#8221;0px||0px||false|false&#8221; top_divider_style=&#8221;curve&#8221; top_divider_color=&#8221;#fdf0dc&#8221; top_divider_height=&#8221;50px&#8221; top_divider_flip=&#8221;vertical&#8221; top_divider_arrangement=&#8221;above_content&#8221;][et_pb_row column_structure=&#8221;1_2,1_2&#8243; use_custom_gutter=&#8221;on&#8221; gutter_width=&#8221;1&#8243; make_equal=&#8221;on&#8221; _builder_version=&#8221;4.6.5&#8243; _module_preset=&#8221;default&#8221; width=&#8221;100%&#8221; max_width=&#8221;2560px&#8221; custom_margin=&#8221;0px|0px|0px|0px|false|false&#8221; custom_padding=&#8221;0px|0px|0px|0px|false|false&#8221;][et_pb_column type=&#8221;1_2&#8243; module_class=&#8221;inline-buttons&#8221; _builder_version=&#8221;4.6.5&#8243; _module_preset=&#8221;default&#8221; custom_padding=&#8221;50px||||false|false&#8221;][et_pb_text module_class=&#8221;naslov&#8221; _builder_version=&#8221;4.6.5&#8243; _module_preset=&#8221;default&#8221; text_font=&#8221;Georgia||||||||&#8221; text_font_size=&#8221;18px&#8221; text_line_height=&#8221;1.8em&#8221; header_2_font=&#8221;Georgia||on||||||&#8221; header_2_font_size=&#8221;48px&#8221; custom_margin=&#8221;10%|10%|5%|10%|false|false&#8221;]<\/p>\n<h2>Willkommen zum<span>touristischen Bauernhof Breg<\/span><\/h2>\n<p><span>Auf dem H\u00fcgel der \u00fcber dem Fluss Idrija liegt, steht unser Bauernhof. Wir haben es stilvoll mit den Details des typischen Althauses in Brda renoviert, rundherum die Blumen und Obstb\u00e4ume gepflanzt und mit Terrasse ausgestattet, von der man die bildhafte Landschaft mit den Weinreben besichtigen kann.<\/span><\/p>\n<p>&nbsp;<\/p>\n<h3><strong>Saisonale Gerichte:<\/strong><\/h3>\n<p><span class=\"hps\">M\u00e4rz und April<\/span><span>\u00a0<\/span><span class=\"hps\">\u2013<\/span><span>\u00a0<\/span><span class=\"hps\">Wildkr\u00e4uter<\/span><span>\u00a0<\/span><span class=\"hps\">und Sprossen<\/span><br \/><span class=\"hps\">Mai und Juni<\/span><span>\u00a0<\/span><span class=\"hps\">\u2013<\/span><span>\u00a0<\/span><span class=\"hps\">Kirsch<\/span><span>\u00a0<\/span><span class=\"hps\">Gerichte<\/span><br \/><span class=\"hps\">Juli und August<\/span><span>\u00a0<\/span><span class=\"hps\">\u2013<\/span><span>\u00a0<\/span><span class=\"hps\">Gerichte aus<\/span><span>\u00a0<\/span><span class=\"hps\">Lavendel<\/span><br \/><span class=\"hps\">September und Oktober<\/span><span>\u00a0<\/span><span class=\"hps\">\u2013<\/span><span>\u00a0<\/span><span class=\"hps\">K\u00fcrbisgerichte<\/span><br \/><span class=\"hps\">November und Dezember<\/span><span>\u00a0<\/span><span class=\"hps\">\u2013<\/span><span>\u00a0<\/span><span class=\"hps\">Kastaniengerichte<\/span><\/p>\n<p>[\/et_pb_text][et_pb_button button_url=&#8221;\/de\/kulinarik\/&#8221; button_text=&#8221;Kulinarik&#8221; disabled_on=&#8221;off|off|off&#8221; _builder_version=&#8221;4.6.5&#8243; _module_preset=&#8221;default&#8221; custom_button=&#8221;on&#8221; button_text_color=&#8221;#353944&#8243; button_bg_color=&#8221;#f3b44f&#8221; button_border_width=&#8221;0px&#8221; button_border_color=&#8221;rgba(0,0,0,0)&#8221; button_border_radius=&#8221;0px&#8221; button_font=&#8221;Georgia||||||||&#8221; button_icon=&#8221;%%20%%&#8221; positioning=&#8221;relative&#8221; background_layout=&#8221;dark&#8221; custom_margin=&#8221;||35px||false|false&#8221; custom_padding=&#8221;||||false|false&#8221; box_shadow_style=&#8221;preset3&#8243;][\/et_pb_button][et_pb_button button_url=&#8221;\/de\/ubernachten\/&#8221; button_text=&#8221;\u00dcbernachten&#8221; disabled_on=&#8221;off|off|off&#8221; _builder_version=&#8221;4.6.5&#8243; _module_preset=&#8221;default&#8221; custom_button=&#8221;on&#8221; button_text_color=&#8221;#353944&#8243; button_bg_color=&#8221;#f3b44f&#8221; button_border_width=&#8221;0px&#8221; button_border_color=&#8221;rgba(0,0,0,0)&#8221; button_border_radius=&#8221;0px&#8221; button_font=&#8221;Georgia||||||||&#8221; button_icon=&#8221;%%20%%&#8221; positioning=&#8221;relative&#8221; background_layout=&#8221;dark&#8221; custom_margin=&#8221;||35px||false|false&#8221; custom_padding=&#8221;||||false|false&#8221; box_shadow_style=&#8221;preset3&#8243;][\/et_pb_button][\/et_pb_column][et_pb_column type=&#8221;1_2&#8243; module_class=&#8221;porezava-levo&#8221; _builder_version=&#8221;4.6.5&#8243; _module_preset=&#8221;default&#8221; background_image=&#8221;https:\/\/turizembreg.com\/wp-content\/uploads\/2021\/02\/Breg-pri-Golem-Brdu-5-of-18.jpg&#8221; background_position=&#8221;center_right&#8221;][\/et_pb_column][\/et_pb_row][et_pb_row use_custom_gutter=&#8221;on&#8221; gutter_width=&#8221;1&#8243; _builder_version=&#8221;4.6.5&#8243; _module_preset=&#8221;default&#8221; width=&#8221;100%&#8221; max_width=&#8221;2560px&#8221; custom_margin=&#8221;0px|0px|0px|0px|false|false&#8221; custom_padding=&#8221;0px|0px|0px|0px|false|false&#8221; box_shadow_style=&#8221;preset1&#8243;][et_pb_column type=&#8221;4_4&#8243; _builder_version=&#8221;4.6.5&#8243; _module_preset=&#8221;default&#8221;][et_pb_gallery gallery_ids=&#8221;1755,1747,287,1751&#8243; show_title_and_caption=&#8221;off&#8221; show_pagination=&#8221;off&#8221; _builder_version=&#8221;4.6.5&#8243; _module_preset=&#8221;default&#8221; border_width_all=&#8221;1px&#8221; border_color_all=&#8221;#ffffff&#8221;][\/et_pb_gallery][\/et_pb_column][\/et_pb_row][et_pb_row column_structure=&#8221;1_2,1_2&#8243; use_custom_gutter=&#8221;on&#8221; gutter_width=&#8221;1&#8243; make_equal=&#8221;on&#8221; _builder_version=&#8221;4.6.5&#8243; _module_preset=&#8221;default&#8221; width=&#8221;100%&#8221; max_width=&#8221;2560px&#8221; custom_margin=&#8221;0px|0px|0px|0px|false|false&#8221; custom_padding=&#8221;0px|0px|0px|0px|false|false&#8221;][et_pb_column type=&#8221;1_2&#8243; module_class=&#8221;porezava-desno&#8221; _builder_version=&#8221;4.6.5&#8243; _module_preset=&#8221;default&#8221; background_image=&#8221;https:\/\/turizembreg.com\/wp-content\/uploads\/2021\/02\/mirela-adrijana.jpg&#8221; background_position=&#8221;center_right&#8221;][\/et_pb_column][et_pb_column type=&#8221;1_2&#8243; module_class=&#8221;inline-buttons&#8221; _builder_version=&#8221;4.6.5&#8243; _module_preset=&#8221;default&#8221; custom_padding=&#8221;50px||||false|false&#8221;][et_pb_text module_class=&#8221;naslov&#8221; _builder_version=&#8221;4.6.5&#8243; _module_preset=&#8221;default&#8221; text_font=&#8221;Georgia||||||||&#8221; text_font_size=&#8221;18px&#8221; text_line_height=&#8221;1.8em&#8221; header_2_font=&#8221;Georgia||on||||||&#8221; header_2_font_size=&#8221;48px&#8221; custom_margin=&#8221;10%|10%|5%|10%|false|false&#8221;]<\/p>\n<h2>\u00dcber uns<\/h2>\n<p>Geniessen Sie die Ruhe, die malerische Farbenpracht und die Sch\u00f6nheit des \u00e4u\u00dfersten Randes der Gori\u0161ka Brda, die wie ein Keil in die ausgedehnte friulische Ebene hineinzieht!<br \/>\nAuf einem H\u00fcgel, der sich \u00fcber dem Fluss Idrija erhebt, befindet sich unser landwirschaftliches Bauerngut. Wir haben das Haus erneuert und den Baustil mit den typischen Details der Architektur der Brda behalten. Rund um das Haus haben wir Blumen und Obstb\u00e4ume gepflanzt und eine Terrasse gebaut. Von hier aus \u00f6ffnet sich ein wundersch\u00f6ner Blick \u00fcber die Weinberge von Friaul und der Brda, wo die autochtone Weinrebe des &#8220;schioppettino&#8221; reift, bis nach Udine.<br \/>\nHier, \u00fcber dem Tal des Flusses Idrija, reicht an den vielen sch\u00f6nen Tagen die Sicht bis zu den Dolomiten im Westen und zum Kanin, ein beeindruckendes Bergmassiv in den Julischen Alpen (2587 m) ganz im Norden des Landes. Wenn sie noch einen Schritt h\u00f6her machen, k\u00f6nnen sie in der Ferne sogar einen silbernen Streifen des Adriatischen Meeres bei Grado sehen.[\/et_pb_text][et_pb_button button_url=&#8221;https:\/\/www.youtube.com\/watch?v=kzxWOrdIdjk&#8221; url_new_window=&#8221;on&#8221; button_text=&#8221;Video (YouTube)&#8221; disabled_on=&#8221;off|off|off&#8221; _builder_version=&#8221;4.6.5&#8243; _module_preset=&#8221;default&#8221; custom_button=&#8221;on&#8221; button_text_color=&#8221;#353944&#8243; button_bg_color=&#8221;#f3b44f&#8221; button_border_width=&#8221;0px&#8221; button_border_color=&#8221;rgba(0,0,0,0)&#8221; button_border_radius=&#8221;0px&#8221; button_font=&#8221;Georgia||||||||&#8221; button_icon=&#8221;%%20%%&#8221; background_layout=&#8221;dark&#8221; custom_margin=&#8221;||80px||false|false&#8221; custom_padding=&#8221;||||false|false&#8221; box_shadow_style=&#8221;preset3&#8243; locked=&#8221;off&#8221;][\/et_pb_button][\/et_pb_column][\/et_pb_row][\/et_pb_section][et_pb_section fb_built=&#8221;1&#8243; _builder_version=&#8221;4.6.5&#8243; _module_preset=&#8221;default&#8221; background_color=&#8221;#fdf0dc&#8221; custom_margin=&#8221;0px|0px|0px|0px|false|false&#8221; custom_padding=&#8221;0px|0px|0px|0px|false|false&#8221; top_divider_height=&#8221;50px&#8221; top_divider_flip=&#8221;vertical&#8221;][et_pb_row use_custom_gutter=&#8221;on&#8221; gutter_width=&#8221;1&#8243; _builder_version=&#8221;4.6.5&#8243; _module_preset=&#8221;default&#8221; background_enable_color=&#8221;off&#8221; width=&#8221;100%&#8221; max_width=&#8221;2560px&#8221; custom_margin=&#8221;1px||||false|false&#8221; custom_padding=&#8221;70px||100px||false|false&#8221;][et_pb_column type=&#8221;4_4&#8243; _builder_version=&#8221;4.6.5&#8243; _module_preset=&#8221;default&#8221;][et_pb_blurb image=&#8221;https:\/\/turizembreg.com\/nova\/wp-content\/uploads\/2020\/10\/logo-breg-kroznik.png&#8221; content_max_width=&#8221;700px&#8221; module_class=&#8221;naslov&#8221; _builder_version=&#8221;4.6.5&#8243; _module_preset=&#8221;default&#8221; module_alignment=&#8221;center&#8221;]<img loading=\"lazy\" decoding=\"async\" src=\"https:\/\/turizembreg.com\/nova\/wp-content\/uploads\/2020\/10\/navednice-odpri.png\" width=\"79\" height=\"62\" alt=\"\" class=\"wp-image-158 alignnone size-full\" style=\"position: absolute; left: -120px; top: 90px; display: block; margin-left: auto; margin-right: auto;\"><\/p>\n<h2 style=\"text-align: center;\">Gutes Essen, ausgew\u00e4hlte Weinsorten, nette Leute und vom Zivilisationsl\u00e4rm noch unerreichte Umgebung.<\/h2>\n<p><img loading=\"lazy\" decoding=\"async\" src=\"https:\/\/turizembreg.com\/nova\/wp-content\/uploads\/2020\/10\/navednice-zapri.png\" width=\"79\" height=\"62\" alt=\"\" class=\"wp-image-159 alignnone size-full\" style=\"position: absolute; right: -110px; top: 200px;\">[\/et_pb_blurb][\/et_pb_column][\/et_pb_row][\/et_pb_section][et_pb_section fb_built=&#8221;1&#8243; _builder_version=&#8221;4.6.5&#8243; _module_preset=&#8221;default&#8221; vertical_offset=&#8221;0px&#8221; custom_margin=&#8221;0px|0px|0px|0px|false|false&#8221; custom_padding=&#8221;0px|0px|0px|0px|false|false&#8221; top_divider_style=&#8221;curve&#8221; top_divider_color=&#8221;#fdf0dc&#8221; top_divider_height=&#8221;50px&#8221; top_divider_flip=&#8221;vertical&#8221; top_divider_arrangement=&#8221;above_content&#8221; bottom_divider_style=&#8221;curve&#8221; bottom_divider_color=&#8221;#f3b44f&#8221; bottom_divider_height=&#8221;50px&#8221; bottom_divider_flip=&#8221;vertical&#8221; bottom_divider_arrangement=&#8221;above_content&#8221; saved_tabs=&#8221;all&#8221;][et_pb_row use_custom_gutter=&#8221;on&#8221; gutter_width=&#8221;1&#8243; _builder_version=&#8221;4.6.5&#8243; _module_preset=&#8221;default&#8221; width=&#8221;100%&#8221; max_width=&#8221;2560px&#8221; custom_margin=&#8221;0px|0px|0px|0px|false|false&#8221; custom_padding=&#8221;0px|0px|0px|0px|false|false&#8221;][et_pb_column type=&#8221;4_4&#8243; _builder_version=&#8221;4.6.5&#8243; _module_preset=&#8221;default&#8221;][et_pb_gallery gallery_ids=&#8221;1782&#8243; gallery_orderby=&#8221;rand&#8221; fullwidth=&#8221;on&#8221; _builder_version=&#8221;4.6.5&#8243; _module_preset=&#8221;default&#8221; min_height=&#8221;300px&#8221; max_height=&#8221;400px&#8221;][\/et_pb_gallery][\/et_pb_column][\/et_pb_row][\/et_pb_section][et_pb_section fb_built=&#8221;1&#8243; _builder_version=&#8221;4.6.5&#8243; _module_preset=&#8221;default&#8221; background_color=&#8221;#f3b44f&#8221; z_index=&#8221;5&#8243; custom_margin=&#8221;0px|0px|0px|0px|false|false&#8221; custom_padding=&#8221;0px|0px|0px|0px|false|false&#8221; saved_tabs=&#8221;all&#8221; locked=&#8221;off&#8221;][et_pb_row column_structure=&#8221;1_3,1_3,1_3&#8243; use_custom_gutter=&#8221;on&#8221; gutter_width=&#8221;1&#8243; _builder_version=&#8221;4.6.5&#8243; _module_preset=&#8221;default&#8221; width=&#8221;90%&#8221; max_width=&#8221;2560px&#8221;][et_pb_column type=&#8221;1_3&#8243; _builder_version=&#8221;4.6.5&#8243; _module_preset=&#8221;default&#8221;][et_pb_text module_class=&#8221;naslov&#8221; _builder_version=&#8221;4.6.5&#8243; _module_preset=&#8221;default&#8221; text_font=&#8221;Georgia||||||||&#8221; text_font_size=&#8221;18px&#8221; text_line_height=&#8221;1.8em&#8221; header_2_font=&#8221;Georgia||on||||||&#8221; header_2_font_size=&#8221;40px&#8221; header_3_font_size=&#8221;28px&#8221; custom_margin=&#8221;5%|5%|5%|5%|false|false&#8221;]<\/p>\n<h3>Reviews<\/h3>\n<p>[\/et_pb_text][et_pb_post_slider include_categories=&#8221;1&#8243; show_pagination=&#8221;off&#8221; show_more_button=&#8221;off&#8221; content_source=&#8221;on&#8221; show_meta=&#8221;off&#8221; show_image=&#8221;off&#8221; use_bg_overlay=&#8221;off&#8221; _builder_version=&#8221;4.6.5&#8243; _module_preset=&#8221;default&#8221; header_font=&#8221;Georgia|600|on||||||&#8221; header_text_align=&#8221;left&#8221; header_font_size=&#8221;21px&#8221; body_font=&#8221;Georgia||on||||||&#8221; body_text_align=&#8221;left&#8221; body_font_size=&#8221;16px&#8221; background_enable_color=&#8221;off&#8221; background_layout=&#8221;light&#8221; custom_margin=&#8221;-50px|0px|0px|0px|false|false&#8221; custom_padding=&#8221;0px|15px|0px|15px|false|false&#8221; auto=&#8221;on&#8221; auto_speed=&#8221;5000ms&#8221;][\/et_pb_post_slider][et_pb_post_nav _builder_version=&#8221;4.6.5&#8243; _module_preset=&#8221;default&#8221;][\/et_pb_post_nav][\/et_pb_column][et_pb_column type=&#8221;1_3&#8243; _builder_version=&#8221;4.6.5&#8243; _module_preset=&#8221;default&#8221;][et_pb_text module_class=&#8221;naslov&#8221; _builder_version=&#8221;4.6.5&#8243; _module_preset=&#8221;default&#8221; text_font=&#8221;Georgia||||||||&#8221; text_font_size=&#8221;18px&#8221; text_line_height=&#8221;1.8em&#8221; header_2_font=&#8221;Georgia||on||||||&#8221; header_2_font_size=&#8221;40px&#8221; header_3_font_size=&#8221;28px&#8221; custom_margin=&#8221;5%|5%|5%|5%|false|false&#8221;]<\/p>\n<h3>Promo Breg<\/h3>\n<p>[\/et_pb_text][et_pb_video src=&#8221;https:\/\/www.youtube.com\/watch?v=kzxWOrdIdjk&#8221; _builder_version=&#8221;4.6.5&#8243; _module_preset=&#8221;default&#8221; custom_padding=&#8221;|15px||15px|false|false&#8221;][\/et_pb_video][\/et_pb_column][et_pb_column type=&#8221;1_3&#8243; _builder_version=&#8221;4.6.5&#8243; _module_preset=&#8221;default&#8221;][et_pb_text module_class=&#8221;naslov&#8221; _builder_version=&#8221;4.6.5&#8243; _module_preset=&#8221;default&#8221; text_font=&#8221;Georgia||||||||&#8221; text_font_size=&#8221;18px&#8221; text_line_height=&#8221;1.8em&#8221; header_2_font=&#8221;Georgia||on||||||&#8221; header_2_font_size=&#8221;40px&#8221; header_3_font_size=&#8221;28px&#8221; custom_margin=&#8221;5%|5%|5%|5%|false|false&#8221;]<\/p>\n<h3>Promo Gori\u0161ka Brda<\/h3>\n<p>[\/et_pb_text][et_pb_video src=&#8221;https:\/\/www.youtube.com\/watch?v=4v3tQayAejw&#8221; _builder_version=&#8221;4.6.5&#8243; _module_preset=&#8221;default&#8221; custom_padding=&#8221;|15px||15px|false|false&#8221;][\/et_pb_video][\/et_pb_column][\/et_pb_row][\/et_pb_section][et_pb_section fb_built=&#8221;1&#8243; _builder_version=&#8221;4.6.5&#8243; _module_preset=&#8221;default&#8221; background_color=&#8221;#f3b44f&#8221; z_index=&#8221;5&#8243; custom_margin=&#8221;0px|0px|0px|0px|false|false&#8221; custom_padding=&#8221;0px|0px|0px|0px|false|false&#8221; saved_tabs=&#8221;all&#8221; locked=&#8221;off&#8221;][\/et_pb_section][et_pb_section fb_built=&#8221;1&#8243; admin_label=&#8221;Logotipi noga znaki&#8221; _builder_version=&#8221;4.6.5&#8243; _module_preset=&#8221;default&#8221; background_color=&#8221;#ffffff&#8221; z_index=&#8221;6&#8243; custom_margin=&#8221;0px||0px||false|false&#8221; custom_padding=&#8221;20px||0px||false|false&#8221; top_divider_style=&#8221;curve&#8221; top_divider_color=&#8221;#f3b44f&#8221; top_divider_height=&#8221;50px&#8221; top_divider_flip=&#8221;vertical&#8221; saved_tabs=&#8221;all&#8221; locked=&#8221;off&#8221;][et_pb_row column_structure=&#8221;1_5,1_5,1_5,1_5,1_5&#8243; use_custom_gutter=&#8221;on&#8221; gutter_width=&#8221;1&#8243; make_equal=&#8221;on&#8221; _builder_version=&#8221;4.6.5&#8243; _module_preset=&#8221;default&#8221; width=&#8221;90%&#8221; max_width=&#8221;2560px&#8221;][et_pb_column type=&#8221;1_5&#8243; _builder_version=&#8221;4.6.5&#8243; _module_preset=&#8221;default&#8221;][et_pb_image src=&#8221;https:\/\/turizembreg.com\/nova\/wp-content\/uploads\/2020\/10\/green-key.jpg&#8221; title_text=&#8221;green-key&#8221; url=&#8221;https:\/\/www.zelenikljuc.si\/&#8221; url_new_window=&#8221;on&#8221; align=&#8221;center&#8221; _builder_version=&#8221;4.6.5&#8243; _module_preset=&#8221;default&#8221; max_width=&#8221;90%&#8221; module_alignment=&#8221;center&#8221;][\/et_pb_image][\/et_pb_column][et_pb_column type=&#8221;1_5&#8243; _builder_version=&#8221;4.6.5&#8243; _module_preset=&#8221;default&#8221;][et_pb_image src=&#8221;https:\/\/turizembreg.com\/nova\/wp-content\/uploads\/2020\/10\/brda-logo.jpg&#8221; title_text=&#8221;brda-logo&#8221; url=&#8221;https:\/\/brda.si\/&#8221; url_new_window=&#8221;on&#8221; align=&#8221;center&#8221; _builder_version=&#8221;4.6.5&#8243; _module_preset=&#8221;default&#8221; max_width=&#8221;90%&#8221; module_alignment=&#8221;center&#8221;][\/et_pb_image][\/et_pb_column][et_pb_column type=&#8221;1_5&#8243; _builder_version=&#8221;4.6.5&#8243; _module_preset=&#8221;default&#8221;][et_pb_image src=&#8221;https:\/\/turizembreg.com\/wp-content\/uploads\/2020\/12\/slovenia_green_accommodation.png&#8221; title_text=&#8221;slovenia_green_accommodation&#8221; url=&#8221;https:\/\/www.slovenia.info\/en\/business\/green-scheme-of-slovenian-tourism&#8221; url_new_window=&#8221;on&#8221; align=&#8221;center&#8221; _builder_version=&#8221;4.6.5&#8243; _module_preset=&#8221;default&#8221; max_width=&#8221;180px&#8221; module_alignment=&#8221;center&#8221; hover_enabled=&#8221;0&#8243; sticky_enabled=&#8221;0&#8243;][\/et_pb_image][et_pb_image src=&#8221;https:\/\/turizembreg.com\/wp-content\/uploads\/2020\/12\/slovenia-green-cuisine.png&#8221; title_text=&#8221;slovenia-green-cuisine&#8221; url=&#8221;https:\/\/www.slovenia.info\/en\/business\/green-scheme-of-slovenian-tourism&#8221; url_new_window=&#8221;on&#8221; align=&#8221;center&#8221; _builder_version=&#8221;4.6.5&#8243; _module_preset=&#8221;default&#8221; max_width=&#8221;180px&#8221; module_alignment=&#8221;center&#8221; hover_enabled=&#8221;0&#8243; sticky_enabled=&#8221;0&#8243;][\/et_pb_image][\/et_pb_column][et_pb_column type=&#8221;1_5&#8243; _builder_version=&#8221;4.6.5&#8243; _module_preset=&#8221;default&#8221;][et_pb_image src=&#8221;https:\/\/turizembreg.com\/nova\/wp-content\/uploads\/2020\/10\/i-feel-slovenia.jpg&#8221; title_text=&#8221;i-feel-slovenia&#8221; url=&#8221;https:\/\/slovenia.info&#8221; url_new_window=&#8221;on&#8221; align=&#8221;center&#8221; _builder_version=&#8221;4.6.5&#8243; _module_preset=&#8221;default&#8221; max_width=&#8221;90%&#8221; module_alignment=&#8221;center&#8221;][\/et_pb_image][\/et_pb_column][et_pb_column type=&#8221;1_5&#8243; _builder_version=&#8221;4.6.5&#8243; _module_preset=&#8221;default&#8221;][et_pb_image src=&#8221;https:\/\/turizembreg.com\/nova\/wp-content\/uploads\/2020\/10\/logo_green_safe.png&#8221; title_text=&#8221;logo_green_safe&#8221; url=&#8221;https:\/\/www.slovenia.info\/en\/business\/green-safe-commitment-to-responsible-green-and-safe-tourism&#8221; url_new_window=&#8221;on&#8221; align=&#8221;center&#8221; _builder_version=&#8221;4.6.5&#8243; _module_preset=&#8221;default&#8221; max_width=&#8221;65%&#8221; module_alignment=&#8221;center&#8221;][\/et_pb_image][\/et_pb_column][\/et_pb_row][\/et_pb_section][et_pb_section fb_built=&#8221;1&#8243; admin_label=&#8221;Footer global&#8221; _builder_version=&#8221;4.6.5&#8243; _module_preset=&#8221;default&#8221; background_color=&#8221;#353944&#8243; z_index=&#8221;10&#8243; custom_margin=&#8221;-20px||||false|false&#8221; top_divider_style=&#8221;curve&#8221; top_divider_color=&#8221;#ffffff&#8221; top_divider_height=&#8221;50px&#8221; top_divider_flip=&#8221;vertical&#8221; top_divider_arrangement=&#8221;above_content&#8221; global_module=&#8221;1467&#8243; locked=&#8221;off&#8221;][et_pb_row column_structure=&#8221;1_3,1_3,1_3&#8243; use_custom_gutter=&#8221;on&#8221; gutter_width=&#8221;2&#8243; make_equal=&#8221;on&#8221; _builder_version=&#8221;4.6.5&#8243; _module_preset=&#8221;default&#8221; width=&#8221;85%&#8221; max_width=&#8221;2560px&#8221;][et_pb_column type=&#8221;1_3&#8243; _builder_version=&#8221;4.6.5&#8243; _module_preset=&#8221;default&#8221;][et_pb_text _builder_version=&#8221;4.6.5&#8243; _module_preset=&#8221;default&#8221; text_font=&#8221;Georgia||||||||&#8221; text_text_color=&#8221;#ffffff&#8221; text_font_size=&#8221;16px&#8221; text_line_height=&#8221;1.8em&#8221; link_font=&#8221;Georgia||||||||&#8221; link_text_color=&#8221;#f3b44f&#8221; link_font_size=&#8221;16px&#8221; link_line_height=&#8221;1.8em&#8221; header_3_font=&#8221;Georgia|600||on|||||&#8221; header_3_text_color=&#8221;#f3b44f&#8221; header_3_font_size=&#8221;24px&#8221; background_layout=&#8221;dark&#8221; custom_margin=&#8221;0px||0px||false|false&#8221; custom_padding=&#8221;0px||0px||false|false&#8221;]<\/p>\n<h3>Kontakt und \u00d6ffnungszeiten<\/h3>\n<p>Adrijana und Mirela Peresin<br \/>Breg pri Golem Brdu 3<br \/>5212 Dobrovo, Slowenien<\/p>\n<p>t <a href=\"tel:0038653042555\">00 386 5 304 25 55<\/a><br \/>m <a href=\"tel:0038641950459\">00 386 41 950 459<\/a> (Adrijana)<br \/>m <a href=\"tel:00393333213497\">0039 333 3213497<\/a> (Mirela)<br \/>e <a href=\"mailto:info@turizembreg.com\">info@turizembreg.com<\/a><\/p>\n<p class=\"rtecenter\"><strong>Geoffnet:<\/strong><br \/>Freitagsabends, Samstags, Sonntags;<br \/>An Wochentagen auf Bestellung<\/p>\n<p class=\"rtecenter\"><strong>Die K\u00fcche<\/strong> <br \/>ist zum Mittagessen von 12 bis 15 Uhr ge\u00f6ffnet, <br \/>zum Abendessen von 18 bis 21 Uhr.<\/p>\n<p>[\/et_pb_text][\/et_pb_column][et_pb_column type=&#8221;1_3&#8243; _builder_version=&#8221;4.6.5&#8243; _module_preset=&#8221;default&#8221;][et_pb_text _builder_version=&#8221;4.6.5&#8243; _module_preset=&#8221;default&#8221; link_font=&#8221;Georgia||||||||&#8221; link_text_color=&#8221;#ffffff&#8221; link_font_size=&#8221;16px&#8221; link_line_height=&#8221;1.8em&#8221; header_3_font=&#8221;Georgia|600||on|||||&#8221; header_3_text_color=&#8221;#f3b44f&#8221; header_3_font_size=&#8221;24px&#8221; custom_margin=&#8221;0px||0px||false|false&#8221; custom_padding=&#8221;0px||0px||false|false&#8221;]<\/p>\n<h3>Lage<\/h3>\n<p><iframe loading=\"lazy\" style=\"border: 0;\" tabindex=\"0\" src=\"https:\/\/www.google.com\/maps\/embed?pb=!1m14!1m8!1m3!1d11076.29993116742!2d13.4983112!3d46.0496026!3m2!1i1024!2i768!4f13.1!3m3!1m2!1s0x0%3A0x73e96fb29d7db129!2sTuristi%C4%8Dna%20kmetija%20z%20nastanitvijo%20Breg%20-%20Peresin%20Mirela%20nosilka%20dopolnilne%20dejavnosti%20na%20kmetiji!5e0!3m2!1sen!2ssi!4v1603806297691!5m2!1sen!2ssi\" width=\"85%\" height=\"300\" frameborder=\"0\" allowfullscreen=\"allowfullscreen\" aria-hidden=\"false\"><\/iframe><\/p>\n<p><a href=\"https:\/\/www.google.com\/maps\/dir\/\/Turisti%C4%8Dna+kmetija+z+nastanitvijo+Breg+-+Peresin+Mirela+nosilka+dopolnilne+dejavnosti+na+kmetiji,+Breg+pri+Golem+Brdu+3,+5212+Dobrovo+v+Brdih\/@46.0496026,13.4983112,15z\/data=!4m9!4m8!1m0!1m5!1m1!1s0x477a5310e5de7a79:0x73e96fb29d7db129!2m2!1d13.4983112!2d46.0496026!3e0\" target=\"_blank\" rel=\"noopener noreferrer\">Richtungen<\/a><\/p>\n<p>[\/et_pb_text][\/et_pb_column][et_pb_column type=&#8221;1_3&#8243; _builder_version=&#8221;4.6.5&#8243; _module_preset=&#8221;default&#8221;][et_pb_text _builder_version=&#8221;4.6.5&#8243; _module_preset=&#8221;default&#8221; link_font=&#8221;Georgia||||||||&#8221; link_text_color=&#8221;#ffffff&#8221; link_font_size=&#8221;16px&#8221; link_line_height=&#8221;1.8em&#8221; header_3_font=&#8221;Georgia|600||on|||||&#8221; header_3_text_color=&#8221;#f3b44f&#8221; header_3_font_size=&#8221;24px&#8221; custom_margin=&#8221;0px||0px||false|false&#8221; custom_padding=&#8221;0px||0px||false|false&#8221;]<\/p>\n<h3>Social networks<\/h3>\n<ul>\n<li><a href=\"https:\/\/www.facebook.com\/pages\/category\/Restaurant\/Turisti%C4%8Dna-kmetija-Breg-254162457967446\/\" target=\"_blank\" rel=\"noopener noreferrer\">Facebook<\/a><\/li>\n<li><a href=\"https:\/\/www.instagram.com\/turizembreg\/\" target=\"_blank\" rel=\"noopener noreferrer\">Instagram<\/a><\/li>\n<\/ul>\n<p>&nbsp;<\/p>\n<p>[\/et_pb_text][et_pb_code _builder_version=&#8221;4.6.5&#8243; _module_preset=&#8221;default&#8221; custom_margin=&#8221;||0px||false|false&#8221; custom_padding=&#8221;0px||0px||false|false&#8221;]<\/p>\n<h3 class=\"bothead\">TRIPADVISOR<\/h3>\n<p><!-- [et_pb_line_break_holder] --><\/p>\n<div id=\"TA_rated651\" class=\"TA_rated\"><!-- [et_pb_line_break_holder] --><\/p>\n<ul id=\"qOCAYJtCmNY8\" class=\"TA_links pUCtcv\"><!-- [et_pb_line_break_holder] --><\/p>\n<li id=\"kBPRhM8nwY\" class=\"rTwLY6oHSO\"><!-- [et_pb_line_break_holder] --><a target=\"_blank\" href=\"http:\/\/www.tripadvisor.com\/\" rel=\"noopener noreferrer\"><img decoding=\"async\" src=\"http:\/\/www.tripadvisor.com\/img\/cdsi\/img2\/badges\/ollie-11424-2.gif\" alt=\"TripAdvisor\"\/><\/a><!-- [et_pb_line_break_holder] --><\/li>\n<p><!-- [et_pb_line_break_holder] --><\/ul>\n<p><!-- [et_pb_line_break_holder] --><\/div>\n<p><!-- [et_pb_line_break_holder] --><script src=\"http:\/\/www.jscache.com\/wejs?wtype=rated&#038;uniq=651&#038;locationId=2261133&#038;lang=en_US&#038;display_version=2\"><\/script>[\/et_pb_code][\/et_pb_column][\/et_pb_row][\/et_pb_section][et_pb_section fb_built=&#8221;1&#8243; _builder_version=&#8221;4.6.5&#8243; _module_preset=&#8221;default&#8221; background_color=&#8221;#181a20&#8243; custom_margin=&#8221;0px|0px|0px|0px|false|false&#8221; custom_padding=&#8221;0px||0px|0px|false|false&#8221;][et_pb_row _builder_version=&#8221;4.6.5&#8243; _module_preset=&#8221;default&#8221; width=&#8221;90%&#8221; max_width=&#8221;2560px&#8221; module_alignment=&#8221;center&#8221; custom_margin=&#8221;0px|0px|0px|0px|false|false&#8221; custom_padding=&#8221;20px|0px|20px|0px|false|false&#8221;][et_pb_column type=&#8221;4_4&#8243; _builder_version=&#8221;4.6.5&#8243; _module_preset=&#8221;default&#8221;][et_pb_text _builder_version=&#8221;4.6.5&#8243; _module_preset=&#8221;default&#8221; text_text_color=&#8221;#ffffff&#8221; link_font=&#8221;|600|||||||&#8221; link_text_color=&#8221;#ffffff&#8221; custom_margin=&#8221;0px|0px|0px|0px|false|false&#8221; custom_padding=&#8221;0px|0px|0px|0px|false|false&#8221;]<\/p>\n<p style=\"text-align: center;\"><span>\u00a9 2020\u00a0<\/span><a href=\"https:\/\/turizembreg.com\/\" title=\"Turisti\u010dna kmetija s preno\u010di\u0161\u010di Breg, Gori\u0161ka Brda\">Turisti\u010dna kmetija s preno\u010di\u0161\u010di Breg, Gori\u0161ka Brda<span>\u00a0<\/span><\/a><span>| Like us on\u00a0<\/span><a href=\"https:\/\/www.facebook.com\/pages\/Turisti%C4%8Dna-kmetija-Breg\/254162457967446\" target=\"_blank\" rel=\"noopener noreferrer\">Facebook<\/a><span>\u00a0| Find us also on\u00a0<\/span><a href=\"http:\/\/www.tripadvisor.com\/Hotel_Review-g1566560-d2261133-Reviews-Tourist_Farm_Breg-Dobrovo_Slovenian_Littoral_Region.html\" target=\"_blank\" rel=\"noopener noreferrer\">Tripadvisor<\/a><\/p>\n<p>[\/et_pb_text][\/et_pb_column][\/et_pb_row][\/et_pb_section]<\/p>\n","protected":false},"excerpt":{"rendered":"<p>Touristischen Bauernhof &#8220;Breg&#8221;in BrdaWillkommen zumtouristischen Bauernhof Breg Auf dem H\u00fcgel der \u00fcber dem Fluss Idrija liegt, steht unser Bauernhof. Wir haben es stilvoll mit den Details des typischen Althauses in Brda renoviert, rundherum die Blumen und Obstb\u00e4ume gepflanzt und mit Terrasse ausgestattet, von der man die bildhafte Landschaft mit den Weinreben besichtigen kann. &nbsp; Saisonale [&hellip;]<\/p>\n","protected":false},"author":1,"featured_media":0,"parent":0,"menu_order":0,"comment_status":"closed","ping_status":"closed","template":"","meta":{"_et_pb_use_builder":"on","_et_pb_old_content":"","_et_gb_content_width":"","footnotes":""},"class_list":["post-1306","page","type-page","status-publish","hentry"],"yoast_head":"<!-- This site is optimized with the Yoast SEO plugin v27.3 - https:\/\/yoast.com\/product\/yoast-seo-wordpress\/ -->\n<title>Home - Turisti\u010dna kmetija s preno\u010di\u0161\u010di Breg<\/title>\n<meta name=\"robots\" content=\"index, follow, max-snippet:-1, max-image-preview:large, max-video-preview:-1\" \/>\n<link rel=\"canonical\" href=\"https:\/\/turizembreg.com\/de\/home\/\" \/>\n<meta property=\"og:locale\" content=\"de_DE\" \/>\n<meta property=\"og:type\" content=\"article\" \/>\n<meta property=\"og:title\" content=\"Home - Turisti\u010dna kmetija s preno\u010di\u0161\u010di Breg\" \/>\n<meta property=\"og:description\" content=\"Touristischen Bauernhof &quot;Breg&quot;in BrdaWillkommen zumtouristischen Bauernhof Breg Auf dem H\u00fcgel der \u00fcber dem Fluss Idrija liegt, steht unser Bauernhof. Wir haben es stilvoll mit den Details des typischen Althauses in Brda renoviert, rundherum die Blumen und Obstb\u00e4ume gepflanzt und mit Terrasse ausgestattet, von der man die bildhafte Landschaft mit den Weinreben besichtigen kann. &nbsp; Saisonale [&hellip;]\" \/>\n<meta property=\"og:url\" content=\"https:\/\/turizembreg.com\/de\/home\/\" \/>\n<meta property=\"og:site_name\" content=\"Turisti\u010dna kmetija s preno\u010di\u0161\u010di Breg\" \/>\n<meta property=\"article:publisher\" content=\"https:\/\/www.facebook.com\/profile.php?id=100063472302783\" \/>\n<meta property=\"article:modified_time\" content=\"2021-07-01T13:49:30+00:00\" \/>\n<meta property=\"og:image\" content=\"https:\/\/turizembreg.com\/nova\/wp-content\/uploads\/2020\/10\/navednice-odpri.png\" \/>\n<meta name=\"twitter:card\" content=\"summary_large_image\" \/>\n<meta name=\"twitter:label1\" content=\"Gesch\u00e4tzte Lesezeit\" \/>\n\t<meta name=\"twitter:data1\" content=\"15\u00a0Minuten\" \/>\n<script type=\"application\/ld+json\" class=\"yoast-schema-graph\">{\"@context\":\"https:\\\/\\\/schema.org\",\"@graph\":[{\"@type\":\"WebPage\",\"@id\":\"https:\\\/\\\/turizembreg.com\\\/de\\\/home\\\/\",\"url\":\"https:\\\/\\\/turizembreg.com\\\/de\\\/home\\\/\",\"name\":\"Home - Turisti\u010dna kmetija s preno\u010di\u0161\u010di Breg\",\"isPartOf\":{\"@id\":\"https:\\\/\\\/turizembreg.com\\\/#website\"},\"primaryImageOfPage\":{\"@id\":\"https:\\\/\\\/turizembreg.com\\\/de\\\/home\\\/#primaryimage\"},\"image\":{\"@id\":\"https:\\\/\\\/turizembreg.com\\\/de\\\/home\\\/#primaryimage\"},\"thumbnailUrl\":\"https:\\\/\\\/turizembreg.com\\\/nova\\\/wp-content\\\/uploads\\\/2020\\\/10\\\/navednice-odpri.png\",\"datePublished\":\"2020-12-14T12:03:53+00:00\",\"dateModified\":\"2021-07-01T13:49:30+00:00\",\"breadcrumb\":{\"@id\":\"https:\\\/\\\/turizembreg.com\\\/de\\\/home\\\/#breadcrumb\"},\"inLanguage\":\"de\",\"potentialAction\":[{\"@type\":\"ReadAction\",\"target\":[\"https:\\\/\\\/turizembreg.com\\\/de\\\/home\\\/\"]}]},{\"@type\":\"ImageObject\",\"inLanguage\":\"de\",\"@id\":\"https:\\\/\\\/turizembreg.com\\\/de\\\/home\\\/#primaryimage\",\"url\":\"https:\\\/\\\/turizembreg.com\\\/nova\\\/wp-content\\\/uploads\\\/2020\\\/10\\\/navednice-odpri.png\",\"contentUrl\":\"https:\\\/\\\/turizembreg.com\\\/nova\\\/wp-content\\\/uploads\\\/2020\\\/10\\\/navednice-odpri.png\"},{\"@type\":\"BreadcrumbList\",\"@id\":\"https:\\\/\\\/turizembreg.com\\\/de\\\/home\\\/#breadcrumb\",\"itemListElement\":[{\"@type\":\"ListItem\",\"position\":1,\"name\":\"Home\",\"item\":\"https:\\\/\\\/turizembreg.com\\\/de\\\/home\\\/\"},{\"@type\":\"ListItem\",\"position\":2,\"name\":\"Home\"}]},{\"@type\":\"WebSite\",\"@id\":\"https:\\\/\\\/turizembreg.com\\\/#website\",\"url\":\"https:\\\/\\\/turizembreg.com\\\/\",\"name\":\"Turisti\u010dna kmetija s preno\u010di\u0161\u010di Breg\",\"description\":\"\",\"publisher\":{\"@id\":\"https:\\\/\\\/turizembreg.com\\\/#organization\"},\"potentialAction\":[{\"@type\":\"SearchAction\",\"target\":{\"@type\":\"EntryPoint\",\"urlTemplate\":\"https:\\\/\\\/turizembreg.com\\\/?s={search_term_string}\"},\"query-input\":{\"@type\":\"PropertyValueSpecification\",\"valueRequired\":true,\"valueName\":\"search_term_string\"}}],\"inLanguage\":\"de\"},{\"@type\":\"Organization\",\"@id\":\"https:\\\/\\\/turizembreg.com\\\/#organization\",\"name\":\"Turisti\u010dna kmetija s preno\u010di\u0161\u010di Breg\",\"url\":\"https:\\\/\\\/turizembreg.com\\\/\",\"logo\":{\"@type\":\"ImageObject\",\"inLanguage\":\"de\",\"@id\":\"https:\\\/\\\/turizembreg.com\\\/#\\\/schema\\\/logo\\\/image\\\/\",\"url\":\"https:\\\/\\\/turizembreg.com\\\/wp-content\\\/uploads\\\/2020\\\/10\\\/logo-breg.png\",\"contentUrl\":\"https:\\\/\\\/turizembreg.com\\\/wp-content\\\/uploads\\\/2020\\\/10\\\/logo-breg.png\",\"width\":386,\"height\":274,\"caption\":\"Turisti\u010dna kmetija s preno\u010di\u0161\u010di Breg\"},\"image\":{\"@id\":\"https:\\\/\\\/turizembreg.com\\\/#\\\/schema\\\/logo\\\/image\\\/\"},\"sameAs\":[\"https:\\\/\\\/www.facebook.com\\\/profile.php?id=100063472302783\"]}]}<\/script>\n<!-- \/ Yoast SEO plugin. -->","yoast_head_json":{"title":"Home - Turisti\u010dna kmetija s preno\u010di\u0161\u010di Breg","robots":{"index":"index","follow":"follow","max-snippet":"max-snippet:-1","max-image-preview":"max-image-preview:large","max-video-preview":"max-video-preview:-1"},"canonical":"https:\/\/turizembreg.com\/de\/home\/","og_locale":"de_DE","og_type":"article","og_title":"Home - Turisti\u010dna kmetija s preno\u010di\u0161\u010di Breg","og_description":"Touristischen Bauernhof \"Breg\"in BrdaWillkommen zumtouristischen Bauernhof Breg Auf dem H\u00fcgel der \u00fcber dem Fluss Idrija liegt, steht unser Bauernhof. Wir haben es stilvoll mit den Details des typischen Althauses in Brda renoviert, rundherum die Blumen und Obstb\u00e4ume gepflanzt und mit Terrasse ausgestattet, von der man die bildhafte Landschaft mit den Weinreben besichtigen kann. &nbsp; Saisonale [&hellip;]","og_url":"https:\/\/turizembreg.com\/de\/home\/","og_site_name":"Turisti\u010dna kmetija s preno\u010di\u0161\u010di Breg","article_publisher":"https:\/\/www.facebook.com\/profile.php?id=100063472302783","article_modified_time":"2021-07-01T13:49:30+00:00","og_image":[{"url":"https:\/\/turizembreg.com\/nova\/wp-content\/uploads\/2020\/10\/navednice-odpri.png","type":"","width":"","height":""}],"twitter_card":"summary_large_image","twitter_misc":{"Gesch\u00e4tzte Lesezeit":"15\u00a0Minuten"},"schema":{"@context":"https:\/\/schema.org","@graph":[{"@type":"WebPage","@id":"https:\/\/turizembreg.com\/de\/home\/","url":"https:\/\/turizembreg.com\/de\/home\/","name":"Home - Turisti\u010dna kmetija s preno\u010di\u0161\u010di Breg","isPartOf":{"@id":"https:\/\/turizembreg.com\/#website"},"primaryImageOfPage":{"@id":"https:\/\/turizembreg.com\/de\/home\/#primaryimage"},"image":{"@id":"https:\/\/turizembreg.com\/de\/home\/#primaryimage"},"thumbnailUrl":"https:\/\/turizembreg.com\/nova\/wp-content\/uploads\/2020\/10\/navednice-odpri.png","datePublished":"2020-12-14T12:03:53+00:00","dateModified":"2021-07-01T13:49:30+00:00","breadcrumb":{"@id":"https:\/\/turizembreg.com\/de\/home\/#breadcrumb"},"inLanguage":"de","potentialAction":[{"@type":"ReadAction","target":["https:\/\/turizembreg.com\/de\/home\/"]}]},{"@type":"ImageObject","inLanguage":"de","@id":"https:\/\/turizembreg.com\/de\/home\/#primaryimage","url":"https:\/\/turizembreg.com\/nova\/wp-content\/uploads\/2020\/10\/navednice-odpri.png","contentUrl":"https:\/\/turizembreg.com\/nova\/wp-content\/uploads\/2020\/10\/navednice-odpri.png"},{"@type":"BreadcrumbList","@id":"https:\/\/turizembreg.com\/de\/home\/#breadcrumb","itemListElement":[{"@type":"ListItem","position":1,"name":"Home","item":"https:\/\/turizembreg.com\/de\/home\/"},{"@type":"ListItem","position":2,"name":"Home"}]},{"@type":"WebSite","@id":"https:\/\/turizembreg.com\/#website","url":"https:\/\/turizembreg.com\/","name":"Turisti\u010dna kmetija s preno\u010di\u0161\u010di Breg","description":"","publisher":{"@id":"https:\/\/turizembreg.com\/#organization"},"potentialAction":[{"@type":"SearchAction","target":{"@type":"EntryPoint","urlTemplate":"https:\/\/turizembreg.com\/?s={search_term_string}"},"query-input":{"@type":"PropertyValueSpecification","valueRequired":true,"valueName":"search_term_string"}}],"inLanguage":"de"},{"@type":"Organization","@id":"https:\/\/turizembreg.com\/#organization","name":"Turisti\u010dna kmetija s preno\u010di\u0161\u010di Breg","url":"https:\/\/turizembreg.com\/","logo":{"@type":"ImageObject","inLanguage":"de","@id":"https:\/\/turizembreg.com\/#\/schema\/logo\/image\/","url":"https:\/\/turizembreg.com\/wp-content\/uploads\/2020\/10\/logo-breg.png","contentUrl":"https:\/\/turizembreg.com\/wp-content\/uploads\/2020\/10\/logo-breg.png","width":386,"height":274,"caption":"Turisti\u010dna kmetija s preno\u010di\u0161\u010di Breg"},"image":{"@id":"https:\/\/turizembreg.com\/#\/schema\/logo\/image\/"},"sameAs":["https:\/\/www.facebook.com\/profile.php?id=100063472302783"]}]}},"_links":{"self":[{"href":"https:\/\/turizembreg.com\/de\/wp-json\/wp\/v2\/pages\/1306","targetHints":{"allow":["GET"]}}],"collection":[{"href":"https:\/\/turizembreg.com\/de\/wp-json\/wp\/v2\/pages"}],"about":[{"href":"https:\/\/turizembreg.com\/de\/wp-json\/wp\/v2\/types\/page"}],"author":[{"embeddable":true,"href":"https:\/\/turizembreg.com\/de\/wp-json\/wp\/v2\/users\/1"}],"replies":[{"embeddable":true,"href":"https:\/\/turizembreg.com\/de\/wp-json\/wp\/v2\/comments?post=1306"}],"version-history":[{"count":17,"href":"https:\/\/turizembreg.com\/de\/wp-json\/wp\/v2\/pages\/1306\/revisions"}],"predecessor-version":[{"id":2283,"href":"https:\/\/turizembreg.com\/de\/wp-json\/wp\/v2\/pages\/1306\/revisions\/2283"}],"wp:attachment":[{"href":"https:\/\/turizembreg.com\/de\/wp-json\/wp\/v2\/media?parent=1306"}],"curies":[{"name":"wp","href":"https:\/\/api.w.org\/{rel}","templated":true}]}}